{"id":2466,"date":"2017-08-02T09:59:21","date_gmt":"2017-08-02T08:59:21","guid":{"rendered":"http:\/\/192.168.1.170\/aussac-vadalle\/?page_id=2466"},"modified":"2026-03-13T15:59:17","modified_gmt":"2026-03-13T14:59:17","slug":"le-mot-du-maire","status":"publish","type":"page","link":"https:\/\/www.aussac-vadalle.fr\/?page_id=2466","title":{"rendered":"Le mot du Maire"},"content":{"rendered":"<p>Visits: 6107<\/p><h6><img loading=\"lazy\" decoding=\"async\" class=\"alignleft wp-image-2649\" src=\"https:\/\/www.aussac-vadalle.fr\/wp-content\/uploads\/2017\/08\/gerard-1.gif\" alt=\"\" width=\"174\" height=\"147\" \/><\/h6>\n<p>&nbsp;<\/p>\n<p>Je vous souhaite la bienvenue \u00e0 Aussac-Vadalle<\/p>\n<p>Notre commune rurale se situe au nord d\u2019Angoul\u00eame, \u00e0 proximit\u00e9 de la route nationale 10. Elle a su pr\u00e9server l\u2019authenticit\u00e9 et les valeurs de la vie \u00e0 la campagne, tout en s\u2019inscrivant r\u00e9solument dans son \u00e9poque.<\/p>\n<p>Cette ouverture se traduit notamment par le d\u00e9veloppement des parcs \u00e9oliens, le d\u00e9ploiement de la fibre optique, l\u2019\u00e9quipement du centre socioculturel et, plus r\u00e9cemment, par la cr\u00e9ation de la r\u00e9sidence inclusive du Verger. Autant de projets qui t\u00e9moignent de notre volont\u00e9 de conjuguer tradition, modernit\u00e9 et solidarit\u00e9.<\/p>\n<p>Les nouveaux habitants y sont accueillis avec bienveillance par leurs voisins, les \u00e9lus et les agents communaux. Avec un peu plus de 500 habitants, Aussac-Vadalle demeure un village \u00e0 taille humaine, o\u00f9 les femmes et les hommes sont au c\u0153ur de nos priorit\u00e9s.<\/p>\n<p>Cette m\u00eame ambition anime la <a href=\"https:\/\/www.coeurdecharente.fr\/\" target=\"_blank\" rel=\"noopener\">Communaut\u00e9 de communes C\u0153ur de Charente<\/a>, \u00e0 laquelle nous appartenons. Charg\u00e9e du d\u00e9veloppement \u00e9conomique, elle a favoris\u00e9 l\u2019implantation de nombreuses entreprises sur les zones d\u2019activit\u00e9s d\u2019Anais\u2013Vars et de Tourriers. Dans le cadre du PLUi, une zone \u00e9conomique de proximit\u00e9 a \u00e9galement \u00e9t\u00e9 cr\u00e9\u00e9e \u00e0 hauteur du restaurant La Belle Cantini\u00e8re, en bordure de la RN 10.<\/p>\n<p>C\u0153ur de Charente est issue de la fusion des communaut\u00e9s de communes de la Boixe, du Pays d\u2019Aigre et du Pays Manslois. Elle est aujourd\u2019hui pr\u00e9sid\u00e9e par Christian Croizard, maire de Mansle.<\/p>\n<p>Bien cordialement,<\/p>\n<p><strong>G\u00e9rard Liot<\/strong><br \/>\nMaire d\u2019Aussac-Vadalle<\/p>\n<p>&nbsp;<\/p>\n<p>&nbsp;<\/p>\n","protected":false},"excerpt":{"rendered":"<p>Visits: 6107 &nbsp; Je vous souhaite la bienvenue \u00e0 Aussac-Vadalle Notre commune rurale se situe au nord d\u2019Angoul\u00eame, \u00e0 proximit\u00e9 de la route nationale 10. Elle a su pr\u00e9server l\u2019authenticit\u00e9 et les valeurs de la vie \u00e0 la campagne, tout en s\u2019inscrivant r\u00e9solument dans son \u00e9poque. Cette ouverture se traduit notamment par le d\u00e9veloppement des&hellip;<\/p>\n<p class=\"more-link\"><a href=\"https:\/\/www.aussac-vadalle.fr\/?page_id=2466\" class=\"themebutton\">Read More<\/a><\/p>\n","protected":false},"author":1,"featured_media":0,"parent":0,"menu_order":0,"comment_status":"closed","ping_status":"closed","template":"","meta":{"footnotes":""},"_links":{"self":[{"href":"https:\/\/www.aussac-vadalle.fr\/index.php?rest_route=\/wp\/v2\/pages\/2466"}],"collection":[{"href":"https:\/\/www.aussac-vadalle.fr\/index.php?rest_route=\/wp\/v2\/pages"}],"about":[{"href":"https:\/\/www.aussac-vadalle.fr\/index.php?rest_route=\/wp\/v2\/types\/page"}],"author":[{"embeddable":true,"href":"https:\/\/www.aussac-vadalle.fr\/index.php?rest_route=\/wp\/v2\/users\/1"}],"replies":[{"embeddable":true,"href":"https:\/\/www.aussac-vadalle.fr\/index.php?rest_route=%2Fwp%2Fv2%2Fcomments&post=2466"}],"version-history":[{"count":13,"href":"https:\/\/www.aussac-vadalle.fr\/index.php?rest_route=\/wp\/v2\/pages\/2466\/revisions"}],"predecessor-version":[{"id":5528,"href":"https:\/\/www.aussac-vadalle.fr\/index.php?rest_route=\/wp\/v2\/pages\/2466\/revisions\/5528"}],"wp:attachment":[{"href":"https:\/\/www.aussac-vadalle.fr\/index.php?rest_route=%2Fwp%2Fv2%2Fmedia&parent=2466"}],"curies":[{"name":"wp","href":"https:\/\/api.w.org\/{rel}","templated":true}]}}