{"id":85,"date":"2016-11-21T13:44:02","date_gmt":"2016-11-21T12:44:02","guid":{"rendered":"http:\/\/localhost\/wordpress\/?page_id=85"},"modified":"2026-03-26T13:44:57","modified_gmt":"2026-03-26T12:44:57","slug":"85-2","status":"publish","type":"page","link":"https:\/\/www.aussac-vadalle.fr\/","title":{"rendered":"Actualit\u00e9s"},"content":{"rendered":"<p>Visits: 109140<\/p><p>&nbsp;<\/p>\n<p><img loading=\"lazy\" decoding=\"async\" class=\"wp-image-5548 aligncenter\" src=\"https:\/\/www.aussac-vadalle.fr\/wp-content\/uploads\/2026\/03\/elct-2026.png\" alt=\"\" width=\"249\" height=\"239\" srcset=\"https:\/\/www.aussac-vadalle.fr\/wp-content\/uploads\/2026\/03\/elct-2026.png 579w, https:\/\/www.aussac-vadalle.fr\/wp-content\/uploads\/2026\/03\/elct-2026-300x288.png 300w\" sizes=\"(max-width: 249px) 100vw, 249px\" \/><\/p>\n<div class=\"xdj266r x14z9mp xat24cr x1lziwak x1vvkbs x126k92a\">\n<div dir=\"auto\"><span class=\"html-span xexx8yu xyri2b x18d9i69 x1c1uobl x1hl2dhg x16tdsg8 x1vvkbs x3nfvp2 x1j61x8r x1fcty0u xdj266r xat24cr xm2jcoa x1mpyi22 xxymvpz xlup9mm x1kky2od\"><img loading=\"lazy\" decoding=\"async\" class=\"xz74otr x15mokao x1ga7v0g x16uus16 xbiv7yw\" src=\"https:\/\/static.xx.fbcdn.net\/images\/emoji.php\/v9\/t9a\/1\/16\/1f5f3.png\" alt=\"\ud83d\uddf3\ufe0f\" width=\"16\" height=\"16\" \/><\/span> **R\u00e9sultats des \u00e9lections municipales \u2013 Dimanche 15 mars 2026**<\/div>\n<\/div>\n<div class=\"x14z9mp xat24cr x1lziwak x1vvkbs xtlvy1s x126k92a\">\n<div dir=\"auto\">Nombre de votants : **235**<\/div>\n<div dir=\"auto\">Bulletins nuls : **44**<\/div>\n<div dir=\"auto\">Suffrages exprim\u00e9s : **191**<\/div>\n<\/div>\n<div class=\"x14z9mp xat24cr x1lziwak x1vvkbs xtlvy1s x126k92a\">\n<div dir=\"auto\"><span class=\"html-span xexx8yu xyri2b x18d9i69 x1c1uobl x1hl2dhg x16tdsg8 x1vvkbs x3nfvp2 x1j61x8r x1fcty0u xdj266r xat24cr xm2jcoa x1mpyi22 xxymvpz xlup9mm x1kky2od\"><img loading=\"lazy\" decoding=\"async\" class=\"xz74otr x15mokao x1ga7v0g x16uus16 xbiv7yw\" src=\"https:\/\/static.xx.fbcdn.net\/images\/emoji.php\/v9\/t33\/1\/16\/2705.png\" alt=\"\u2705\" width=\"16\" height=\"16\" \/><\/span> Les candidats ont \u00e9t\u00e9 **\u00e9lus \u00e0 l\u2019unanimit\u00e9 des suffrages exprim\u00e9s**.<\/div>\n<\/div>\n<div class=\"x14z9mp xat24cr x1lziwak x1vvkbs xtlvy1s x126k92a\">\n<div dir=\"auto\">Le nouveau conseil municipal se compose de :<\/div>\n<\/div>\n<div class=\"x14z9mp xat24cr x1lziwak x1vvkbs xtlvy1s x126k92a\">\n<div dir=\"auto\">\u2022 G\u00e9rard LIOT<\/div>\n<div dir=\"auto\">\u2022 Karine LEGEAY<\/div>\n<div dir=\"auto\">\u2022 Xavier LEGRAND<\/div>\n<div dir=\"auto\">\u2022 Patrick PARIS<\/div>\n<div dir=\"auto\">\u2022 Emeline FEUILLADE<\/div>\n<div dir=\"auto\">\u2022 R\u00e9gine LIOT<\/div>\n<div dir=\"auto\">\u2022 Laurent PASQUEREAU<\/div>\n<div dir=\"auto\">\u2022 Pierre-Yves LEHEMBRE<\/div>\n<div dir=\"auto\">\u2022 Gwena\u00eblle CHAMBRE<\/div>\n<div dir=\"auto\">\u2022 B\u00e9atrice COUSSAUD<\/div>\n<div dir=\"auto\">\u2022 Vincent SOENEN<\/div>\n<div dir=\"auto\">\u2022 Damien CHAMBRE<\/div>\n<div dir=\"auto\">\u2022 Jo\u00eblle RAHARINESY<\/div>\n<div dir=\"auto\">\u2022 Elodie PRIAT-LAMON<\/div>\n<div dir=\"auto\">\u2022 Yohann FONDRAT<\/div>\n<\/div>\n<div class=\"x14z9mp xat24cr x1lziwak x1vvkbs xtlvy1s x126k92a\">\n<div dir=\"auto\"><span class=\"html-span xexx8yu xyri2b x18d9i69 x1c1uobl x1hl2dhg x16tdsg8 x1vvkbs x3nfvp2 x1j61x8r x1fcty0u xdj266r xat24cr xm2jcoa x1mpyi22 xxymvpz xlup9mm x1kky2od\"><img loading=\"lazy\" decoding=\"async\" class=\"xz74otr x15mokao x1ga7v0g x16uus16 xbiv7yw\" src=\"https:\/\/static.xx.fbcdn.net\/images\/emoji.php\/v9\/t80\/1\/16\/1f64f.png\" alt=\"\ud83d\ude4f\" width=\"16\" height=\"16\" \/><\/span> Les candidats de la liste **\u00ab Ensemble pour notre commune \u00bb** vous remercient sinc\u00e8rement pour **la confiance que vous leur avez accord\u00e9e**.<\/div>\n<\/div>\n<div class=\"x14z9mp xat24cr x1lziwak x1vvkbs xtlvy1s x126k92a\">\n<div dir=\"auto\"><span class=\"html-span xexx8yu xyri2b x18d9i69 x1c1uobl x1hl2dhg x16tdsg8 x1vvkbs x3nfvp2 x1j61x8r x1fcty0u xdj266r xat24cr xm2jcoa x1mpyi22 xxymvpz xlup9mm x1kky2od\"><img loading=\"lazy\" decoding=\"async\" class=\"xz74otr x15mokao x1ga7v0g x16uus16 xbiv7yw\" src=\"https:\/\/static.xx.fbcdn.net\/images\/emoji.php\/v9\/t7e\/1\/16\/1f4c5.png\" alt=\"\ud83d\udcc5\" width=\"16\" height=\"16\" \/><\/span> Nous vous invitons \u00e0 la **r\u00e9union d\u2019installation du Conseil Municipal**<\/div>\n<div dir=\"auto\"><span class=\"html-span xexx8yu xyri2b x18d9i69 x1c1uobl x1hl2dhg x16tdsg8 x1vvkbs x3nfvp2 x1j61x8r x1fcty0u xdj266r xat24cr xm2jcoa x1mpyi22 xxymvpz xlup9mm x1kky2od\"><img loading=\"lazy\" decoding=\"async\" class=\"xz74otr x15mokao x1ga7v0g x16uus16 xbiv7yw\" src=\"https:\/\/static.xx.fbcdn.net\/images\/emoji.php\/v9\/tc8\/1\/16\/1f561.png\" alt=\"\ud83d\udd61\" width=\"16\" height=\"16\" \/><\/span> **Vendredi 20 mars 2026 \u00e0 18h30**<\/div>\n<div dir=\"auto\"><span class=\"html-span xexx8yu xyri2b x18d9i69 x1c1uobl x1hl2dhg x16tdsg8 x1vvkbs x3nfvp2 x1j61x8r x1fcty0u xdj266r xat24cr xm2jcoa x1mpyi22 xxymvpz xlup9mm x1kky2od\"><img loading=\"lazy\" decoding=\"async\" class=\"xz74otr x15mokao x1ga7v0g x16uus16 xbiv7yw\" src=\"https:\/\/static.xx.fbcdn.net\/images\/emoji.php\/v9\/t2d\/1\/16\/1f4cd.png\" alt=\"\ud83d\udccd\" width=\"16\" height=\"16\" \/><\/span> **Salle des f\u00eates**<\/div>\n<\/div>\n<div class=\"x14z9mp xat24cr x1lziwak x1vvkbs xtlvy1s x126k92a\">\n<div dir=\"auto\">Votre pr\u00e9sence sera la bienvenue.<\/div>\n<\/div>\n<div dir=\"auto\"><\/div>\n<div dir=\"auto\"><\/div>\n<div dir=\"auto\"><\/div>\n<hr \/>\n<h1 style=\"text-align: center;\"><img loading=\"lazy\" decoding=\"async\" class=\"alignnone size-full wp-image-5400\" src=\"https:\/\/www.aussac-vadalle.fr\/wp-content\/uploads\/2025\/07\/logo.jpg\" alt=\"\" width=\"227\" height=\"143\" \/><\/h1>\n<h2 style=\"text-align: center;\">Une r\u00e9sidence Habitat Inclusif pour Senior Autonome.<\/h2>\n<p style=\"text-align: center;\">Les 4 logements sont occup\u00e9s. Une deuxi\u00e8me tranche de 4 autres logements est envisag\u00e9e pour une livraison en 2027.<\/p>\n<p style=\"text-align: center;\"><a href=\"https:\/\/www.aussac-vadalle.fr\/?page_id=5395\" target=\"_blank\" rel=\"noopener\">Pour en savoir plus cliquez ici<\/a><\/p>\n<p>&nbsp;<\/p>\n<p>&nbsp;<\/p>\n<p>&nbsp;<\/p>\n<p>&nbsp;<\/p>\n<p>&nbsp;<\/p>\n<p>&nbsp;<\/p>\n<p>&nbsp;<\/p>\n<p>&nbsp;<\/p>\n<p>&nbsp;<\/p>\n<p>&nbsp;<\/p>\n<p>&nbsp;<\/p>\n<p>&nbsp;<\/p>\n<p>&nbsp;<\/p>\n<p>&nbsp;<\/p>\n<p>&nbsp;<\/p>\n<p>&nbsp;<\/p>\n<p>&nbsp;<\/p>\n<p>&nbsp;<\/p>\n<p>&nbsp;<\/p>\n<p>&nbsp;<\/p>\n<p>&nbsp;<\/p>\n<p>&nbsp;<\/p>\n<p>&nbsp;<\/p>\n<p>&nbsp;<\/p>\n<p>&nbsp;<\/p>\n<p>&nbsp;<\/p>\n<p>&nbsp;<\/p>\n<p>&nbsp;<\/p>\n<p>&nbsp;<\/p>\n<p>&nbsp;<\/p>\n<p>&nbsp;<\/p>\n<p>&nbsp;<\/p>\n<p>&nbsp;<\/p>\n<p>&nbsp;<\/p>\n<p>&nbsp;<\/p>\n<p>&nbsp;<\/p>\n<p>&nbsp;<\/p>\n<p>&nbsp;<\/p>\n<p>&nbsp;<\/p>\n<p>&nbsp;<\/p>\n<p>&nbsp;<\/p>\n<p>&nbsp;<\/p>\n<p>&nbsp;<\/p>\n<p>&nbsp;<\/p>\n<p>&nbsp;<\/p>\n<p>&nbsp;<\/p>\n<p>&nbsp;<\/p>\n<p>&nbsp;<\/p>\n<p>&nbsp;<\/p>\n<p>&nbsp;<\/p>\n<p>&nbsp;<\/p>\n<p>&nbsp;<\/p>\n<p>&nbsp;<\/p>\n<p>&nbsp;<\/p>\n<p>&nbsp;<\/p>\n","protected":false},"excerpt":{"rendered":"<p>Visits: 109140&nbsp; **R\u00e9sultats des \u00e9lections municipales \u2013 Dimanche 15 mars 2026** Nombre de votants : **235** Bulletins nuls : **44** Suffrages exprim\u00e9s : **191** Les candidats ont \u00e9t\u00e9 **\u00e9lus \u00e0 l\u2019unanimit\u00e9 des suffrages exprim\u00e9s**. Le nouveau conseil municipal se compose de : \u2022 G\u00e9rard LIOT \u2022 Karine LEGEAY \u2022 Xavier LEGRAND \u2022 Patrick PARIS \u2022&hellip;<\/p>\n<p class=\"more-link\"><a href=\"https:\/\/www.aussac-vadalle.fr\/\" class=\"themebutton\">Read More<\/a><\/p>\n","protected":false},"author":1,"featured_media":0,"parent":0,"menu_order":0,"comment_status":"closed","ping_status":"closed","template":"","meta":{"footnotes":""},"_links":{"self":[{"href":"https:\/\/www.aussac-vadalle.fr\/index.php?rest_route=\/wp\/v2\/pages\/85"}],"collection":[{"href":"https:\/\/www.aussac-vadalle.fr\/index.php?rest_route=\/wp\/v2\/pages"}],"about":[{"href":"https:\/\/www.aussac-vadalle.fr\/index.php?rest_route=\/wp\/v2\/types\/page"}],"author":[{"embeddable":true,"href":"https:\/\/www.aussac-vadalle.fr\/index.php?rest_route=\/wp\/v2\/users\/1"}],"replies":[{"embeddable":true,"href":"https:\/\/www.aussac-vadalle.fr\/index.php?rest_route=%2Fwp%2Fv2%2Fcomments&post=85"}],"version-history":[{"count":400,"href":"https:\/\/www.aussac-vadalle.fr\/index.php?rest_route=\/wp\/v2\/pages\/85\/revisions"}],"predecessor-version":[{"id":5549,"href":"https:\/\/www.aussac-vadalle.fr\/index.php?rest_route=\/wp\/v2\/pages\/85\/revisions\/5549"}],"wp:attachment":[{"href":"https:\/\/www.aussac-vadalle.fr\/index.php?rest_route=%2Fwp%2Fv2%2Fmedia&parent=85"}],"curies":[{"name":"wp","href":"https:\/\/api.w.org\/{rel}","templated":true}]}}